{"id":3678,"date":"2013-11-11T20:01:55","date_gmt":"2013-11-11T18:01:55","guid":{"rendered":"http:\/\/theme-fusion.com\/avadaxml\/?page_id=3678"},"modified":"2024-05-17T20:16:14","modified_gmt":"2024-05-17T19:16:14","slug":"about-me","status":"publish","type":"page","link":"https:\/\/www.tradmotion.at\/tradneu\/about-me\/","title":{"rendered":"\u00dcber uns"},"content":{"rendered":"<p><!-- this is the layer slider shortcode, please insert your own shortcode number --><\/p>\n<h1>\u00dcber uns<br \/>\n<div class=\"fusion-sep-clear\"><\/div><div class=\"fusion-separator fusion-full-width-sep sep-dotted sep-single\" style=\"border-color:#e0dede;border-top-width:1px;margin-left: auto;margin-right: auto;margin-top:20px;margin-bottom:20px;\"><\/div><\/h1>\n<div class=\"fusion-title title fusion-title-size-two\"><h2 class=\"title-heading-left\">Foto<\/h2><div class=\"title-sep-container\"><div class=\"title-sep sep-double\"><\/div><\/div><\/div>\n<div class=\"fusion-one-half fusion-layout-column fusion-spacing-yes\" style=\"margin-top:0px;margin-bottom:20px;\"><div class=\"fusion-column-wrapper\">\n<div class=\"fusion-person person fusion-person-left fusion-person-icon-top\"><div class=\"person-shortcode-image-wrapper\"><div class=\"person-image-container hover-type-none\" style=\"-webkit-border-radius:0px;-moz-border-radius:0px;border-radius:0px;\"><img decoding=\"async\" class=\"person-img img-responsive\" style=\"-webkit-border-radius:0px;-moz-border-radius:0px;border-radius:0px;border:0px solid #f6f6f6;\" src=\"https:\/\/www.tradmotion.at\/tradneu\/wp-content\/uploads\/IngeborgH\u00e4rtel1.jpg\" alt=\"Ingeborg Magdalena\" \/><\/div><\/div><div class=\"person-desc\"><div class=\"person-author\"><div class=\"person-author-wrapper\"><span class=\"person-name\">Ingeborg Magdalena<\/span><span class=\"person-title\"><\/span><\/div><\/div><div class=\"person-content fusion-clearfix\">\n<span class=\"fusion-dropcap dropcap\" style=\"color:#dd3333;\">I<\/span>st in Zitoll bei Deutschfeistritz in \u00dcbelbach in einer b\u00e4uerlichen Familie als zweite von vier Kindern geboren. Hier wird sie durch die Lieder ihrer Mutter, durch die Ges\u00e4nge in der Kirche, auf den Almen und den unz\u00e4hligen H\u00fcttenabenden mit dem Alpenverein gepr\u00e4gt. Aus diesem Repertoire sch\u00f6pft sie und gibt es gerne weiter.<\/div><\/div><\/div>\n<p><!-- these are the accordions --><\/p>\n<div class=\"fusion-one-half fusion-layout-column fusion-column-last fusion-spacing-yes\" style=\"margin-top:0px;margin-bottom:20px;\"><div class=\"fusion-column-wrapper\"><div class=\"fusion-clearfix\"><\/div><\/div><\/div><div class=\"fusion-clearfix\"><\/div>\n<div class=\"accordian fusion-accordian\"><div class=\"panel-group\" id=\"accordion-3678-1\">\n<div class=\"fusion-panel panel-default\"><div class=\"panel-heading\"><h4 class=\"panel-title toggle\"><a data-toggle=\"collapse\" data-parent=\"#accordion-3678-1\" data-target=\"#6ac0c44eb88f3738b\" href=\"#6ac0c44eb88f3738b\"><div class=\"fusion-toggle-icon-wrapper\"><i class=\"fa-fusion-box\"><\/i><\/div><div class=\"fusion-toggle-heading\">Lebensweg<\/div><\/a><\/h4><\/div><div id=\"6ac0c44eb88f3738b\" class=\"panel-collapse collapse \"><div class=\"panel-body toggle-content\">Sie besuchte in ihrer Heimat die Volksschule und Hauptschule und maturierte am musisch p\u00e4dagogischen Realgymnasium in Graz Hasnerplatz. In der Musikschule Frohnleiten lernte sie Fl\u00f6te, Klavier, Klarinette und Geige. Ihre Musikausbildung setzte sie sp\u00e4ter bei Prof. Walter Klasinc an der Musikhochschule Graz fort. Nach ihrer Heirat mit Hermann im Jahre 1981 widmete sie sich zur G\u00e4nze der Erziehung ihrer 5 Kinder. Sp\u00e4ter folgten eine Ausbildung zur Kinder- und Jugendtanzleiterin, Elementare Musikp\u00e4dagogik auf der Kunstuniversit\u00e4t in Graz sowie EMP mit Integrativem Schwerpunkt am Johann Joseph Fux Konservatorium Graz, zur Diplom. Seniorenanimateurin und Pilgerbegleiterin; gepr. VAV\u00d6 Wanderf\u00fchrerin.<\/p>\n<p>Seit 1976 umfangreiche T\u00e4tigkeit in der Vermittlung traditioneller Vokal- und Instrumentalmusik: Musikwochen in S\u00fcdtirol und Steiermark, in der Lehrer \u2013und Tagesm\u00fctterfortbildung, Seniorensingen und \u2013tanzen, Mitbegr\u00fcnderin des Steirischen Geigentages (1976) und der steirischen Jodelkurse (1979), Leitung der Johnsbacher Musikwoche und diverser Jodelkurse. Umfangreiche Konzert -und Tanzbodenauftritte mit den Steirischen Tanzgeigern und den Citoller Tanzgeigern. <\/div><\/div><\/div>\n<div class=\"fusion-panel panel-default\"><div class=\"panel-heading\"><h4 class=\"panel-title toggle\"><a data-toggle=\"collapse\" data-parent=\"#accordion-3678-1\" data-target=\"#80d8ec18a32eb6451\" href=\"#80d8ec18a32eb6451\"><div class=\"fusion-toggle-icon-wrapper\"><i class=\"fa-fusion-box\"><\/i><\/div><div class=\"fusion-toggle-heading\">Publikationen<\/div><\/a><\/h4><\/div><div id=\"80d8ec18a32eb6451\" class=\"panel-collapse collapse \"><div class=\"panel-body toggle-content\">\n<p>2016 Hermann H\u00e4rtels &#8222;Lustige Streiche II&#8220;<\/p>\n<p>2016 \u00dcbelbacher Liederbuch<\/p>\n<p>2015 Die sch\u00f6nste Bescherung sind unsere Weihnachtslieder<\/p>\n<p>2015\u00a0Wir lernen Jodeln Haus\u00fcbung III<\/p>\n<p>2013 Johnsbacher Liederbuch<\/p>\n<p>2013\u00a0Wir lernen Jodeln, Haus\u00fcbung II<\/p>\n<p>2012 Hermann H\u00e4rtels &#8222;Lustige Streiche I&#8220;<\/p>\n<p>2010 Lust&amp; Leben (Citoller Tanzgeiger)<\/p>\n<p>2010\u00a0Wir lernen Jodeln Haus\u00fcbung I<\/p>\n<p>2005 Kindert\u00e4nze\u00a0Trallala<\/p>\n<p>2003 Kinderlieder\u00a0Hopsassa<\/p>\n<p>2001\u00a0Weihnachtszeit in der Familie<\/p>\n<p>2000 Am Tanzboden belauscht (Citoller Tanzgeiger)<\/p>\n<p>1981 LP Die steirischen Tanzgeiger II<\/p>\n<p>1979 LP Die steirischen Tanzgeiger I<\/div><\/div><\/div>\n<div class=\"fusion-panel panel-default\"><div class=\"panel-heading\"><h4 class=\"panel-title toggle\"><a data-toggle=\"collapse\" data-parent=\"#accordion-3678-1\" data-target=\"#8ae9c6ac543394a19\" href=\"#8ae9c6ac543394a19\"><div class=\"fusion-toggle-icon-wrapper\"><i class=\"fa-fusion-box\"><\/i><\/div><div class=\"fusion-toggle-heading\">Vorlieben<\/div><\/a><\/h4><\/div><div id=\"8ae9c6ac543394a19\" class=\"panel-collapse collapse \"><div class=\"panel-body toggle-content\">Ihre Liebe und Leidenschaft f\u00fcr die klassische Musik lebt sie als Mitglied des Schweizerorchesters und des Orchesters der Pfarrkirche Frohnleiten aus.<\/div><\/div><\/div>\n<div class=\"fusion-panel panel-default\"><div class=\"panel-heading\"><h4 class=\"panel-title toggle\"><a data-toggle=\"collapse\" data-parent=\"#accordion-3678-1\" data-target=\"#83275843434860ef8\" href=\"#83275843434860ef8\"><div class=\"fusion-toggle-icon-wrapper\"><i class=\"fa-fusion-box\"><\/i><\/div><div class=\"fusion-toggle-heading\">Freizeit<\/div><\/a><\/h4><\/div><div id=\"83275843434860ef8\" class=\"panel-collapse collapse \"><div class=\"panel-body toggle-content\">In der Freizeit arbeitet sie gerne im Garten, besteigt die heimatlichen Berge mit den Schiern, klettert im Sommer auf anspruchsvolle Gipfel, erwandert die nahen Almen, geniest ein Glas Rotwein unterm Kirschbaum, relaxt in der hauseigenen Sauna, bereist das eine oder andere Land und St\u00e4dte, besucht mit Hermann die Kinos in Graz und liest und liest und liest.<\/div><\/div><\/div>\n<\/div><\/div>\n<div class=\"fusion-clearfix\"><\/div><\/div><\/div>\n<div class=\"fusion-one-half fusion-layout-column fusion-column-last fusion-spacing-yes\" style=\"margin-top:0px;margin-bottom:20px;\"><div class=\"fusion-column-wrapper\">\n<div class=\"fusion-person person fusion-person-left fusion-person-icon-top\"><div class=\"person-shortcode-image-wrapper\"><div class=\"person-image-container hover-type-none\" style=\"-webkit-border-radius:0px;-moz-border-radius:0px;border-radius:0px;\"><img decoding=\"async\" class=\"person-img img-responsive\" style=\"-webkit-border-radius:0px;-moz-border-radius:0px;border-radius:0px;border:0px solid #f6f6f6;\" src=\"https:\/\/www.tradmotion.at\/tradneu\/wp-content\/uploads\/Hermann.jpg\" alt=\"Hermann H\u00e4rtel\" \/><\/div><\/div><div class=\"person-desc\"><div class=\"person-author\"><div class=\"person-author-wrapper\"><span class=\"person-name\">Hermann H\u00e4rtel<\/span><span class=\"person-title\"><\/span><\/div><\/div><div class=\"person-content fusion-clearfix\">\n<span class=\"fusion-dropcap dropcap\" style=\"color:#dd3333;\">E<\/span>r ist im steirischen Ennstal geboren und spielte schon in seiner Jugendzeit Hackbrett und Geige in der Familienmusik H\u00e4rtel. Ein Teil seines Tanzmusikrepertoires stammt aus diesen 60er Jahren, seine Freude am Singen aber hat er von seinen Eltern, die den f\u00fcnf Kindern trotz Nachkriegsnot Unterricht an verschiedenen Musikinstrumenten angedeihen lie\u00dfen. Seine Ende der 70er Jahre vollzogene berufliche Ver\u00e4nderung vom N\u00e4hmaschinenmechaniker zum Kulturarbeiter er\u00f6ffnete ihm ein neues Arbeitsfeld. Seine Methoden der Vermittlung von Volksmusik sind angelehnt an das Prinzip der schriftlosen \u00dcberlieferung, aus dem sich seit jeher der Variantenreichtum der Volksmusik n\u00e4hrt.<\/div><\/div><\/div>\n<div class=\"fusion-one-half fusion-layout-column fusion-column-last fusion-spacing-yes\" style=\"margin-top:0px;margin-bottom:20px;\"><div class=\"fusion-column-wrapper\"><div class=\"fusion-clearfix\"><\/div><\/div><\/div><div class=\"fusion-clearfix\"><\/div>\n<div class=\"accordian fusion-accordian\"><div class=\"panel-group\" id=\"accordion-3678-2\">\n<div class=\"fusion-panel panel-default\"><div class=\"panel-heading\"><h4 class=\"panel-title toggle\"><a data-toggle=\"collapse\" data-parent=\"#accordion-3678-2\" data-target=\"#cff405be93952b788\" href=\"#cff405be93952b788\"><div class=\"fusion-toggle-icon-wrapper\"><i class=\"fa-fusion-box\"><\/i><\/div><div class=\"fusion-toggle-heading\">Lebensweg<\/div><\/a><\/h4><\/div><div id=\"cff405be93952b788\" class=\"panel-collapse collapse \"><div class=\"panel-body toggle-content\">\n<p>Geboren 1949 in Irdning, wo er nach Absolvierung der Volks- und Hauptschule den Beruf des Kaufmanns und N\u00e4hmaschinenmechanikers erlernte. Er war aber schon seit seiner Jugend in der Jugend- und Jugendmusikarbeit t\u00e4tig und machte sp\u00e4ter sein Hobby zum Beruf. Ab 1981 im Landesjugendreferat beim Amt der Steierm\u00e4rkischen Landesregierung t\u00e4tig, besch\u00e4ftigte sich fortan mit Volksliedforschung und Fragen der Veranstaltungskultur. 1986 gelang es ihm, die bislang brachliegenden Best\u00e4nde zusammen mit den Ergebnissen neuer Forschungsfahrten und der neu errichteten Bibliothek, erstmals f\u00fcr die Bev\u00f6lkerung zug\u00e4nglich zu machen. Damit war das Herzst\u00fcck dieser Kulturarbeit ins Leben gerufen: Das Steirische Volksliedarchiv.<\/div><\/div><\/div>\n<div class=\"fusion-panel panel-default\"><div class=\"panel-heading\"><h4 class=\"panel-title toggle\"><a data-toggle=\"collapse\" data-parent=\"#accordion-3678-2\" data-target=\"#b2b9dcab5ff6d2114\" href=\"#b2b9dcab5ff6d2114\"><div class=\"fusion-toggle-icon-wrapper\"><i class=\"fa-fusion-box\"><\/i><\/div><div class=\"fusion-toggle-heading\">Heutige T\u00e4tigkeiten<\/div><\/a><\/h4><\/div><div id=\"b2b9dcab5ff6d2114\" class=\"panel-collapse collapse \"><div class=\"panel-body toggle-content\">Auf seine Erfahrung wird nach wie vor gerne zur\u00fcck gegriffen. Hermann H\u00e4rtel fungiert als Berater f\u00fcr tradmotion, und ist weiterhin als Autor t\u00e4tig. Er ist seit 2010 Obmann des \u00d6AV Ortsgruppe Peggau-Deutschfeistritz-\u00dcbelbach und verbringt seine Freizeit gerne auf Klettersteigen und den Berggipfeln, ebenso aber bei der Holzarbeit und zu sp\u00e4ter Stunde mit spannenden Kriminalromanen.<\/div><\/div><\/div>\n<div class=\"fusion-panel panel-default\"><div class=\"panel-heading\"><h4 class=\"panel-title toggle\"><a data-toggle=\"collapse\" data-parent=\"#accordion-3678-2\" data-target=\"#08a7ddd015b511e68\" href=\"#08a7ddd015b511e68\"><div class=\"fusion-toggle-icon-wrapper\"><i class=\"fa-fusion-box\"><\/i><\/div><div class=\"fusion-toggle-heading\">Musikt\u00e4tigkeit und Lehrauftr\u00e4ge<\/div><\/a><\/h4><\/div><div id=\"08a7ddd015b511e68\" class=\"panel-collapse collapse \"><div class=\"panel-body toggle-content\">Er ist Mitglied des Schweizerorchesters Frohnleiten (Violine) und der Citoller Tanzgeiger (Violine, Posaune, Gesang) und vermittelt seine Erfahrung als Tanzmusikant, S\u00e4nger und Feldforscher seit 1976 in Kursen, Seminaren f\u00fcr die Lehrerfortbildung und Workshops. Schwerpunkte bilden dabei die Tanzmusik in Streichbesetzung, das Singen zur Geige, das Jodeln und die Verbindung zwischen Tanz und Musik. Hermann H\u00e4rtel war Lehrbeauftragter (Volksmusikensemble und Vokalpraxis) an der Musikuniversit\u00e4t Wien (1992-2012) Kunstuniversit\u00e4t Graz (1989-2012) und Mozarteum Salzburg (2009-2012).<br \/>\n<div class=\"fusion-panel panel-default\"><div class=\"panel-heading\"><h4 class=\"panel-title toggle\"><a data-toggle=\"collapse\" data-parent=\"#accordion-3678-2\" data-target=\"#08a7ddd015b511e68\" href=\"#08a7ddd015b511e68\"><div class=\"fusion-toggle-icon-wrapper\"><i class=\"fa-fusion-box\"><\/i><\/div><div class=\"fusion-toggle-heading\">Auszeichnungen<\/div><\/a><\/h4><\/div><div id=\"08a7ddd015b511e68\" class=\"panel-collapse collapse \"><div class=\"panel-body toggle-content\"><\/div><\/div><\/div>1998 erhielt seine Musikgruppe \u201eDie Citoller Tanzgeiger den &#8222;Josef-Krainer-Heimatpreis&#8220;. Im Jahre 2000 wurde ihm auf Grund seiner kulturellen Initiativen und seiner publizistischen T\u00e4tigkeit vom Bundespr\u00e4sidenten der Berufstitel Professor verliehen. F\u00fcr die vielen Initiativen zur F\u00f6rderung des volkst\u00fcmlichen Geigenspiels in \u00d6sterreich und Bayern erhielt er gemeinsam mit Rudolf Pietsch den begehrten \u201eTobi-Reiser-Preis\u201c 2012 der \u201eFreunde des Salzburger Adventsingens\u201c.<\/div><\/div><\/div>\n<div class=\"fusion-panel panel-default\"><div class=\"panel-heading\"><h4 class=\"panel-title toggle\"><a data-toggle=\"collapse\" data-parent=\"#accordion-3678-2\" data-target=\"#d0c652ee0a5adba22\" href=\"#d0c652ee0a5adba22\"><div class=\"fusion-toggle-icon-wrapper\"><i class=\"fa-fusion-box\"><\/i><\/div><div class=\"fusion-toggle-heading\">HermannH\u00e4rtel.eu<\/div><\/a><\/h4><\/div><div id=\"d0c652ee0a5adba22\" class=\"panel-collapse collapse \"><div class=\"panel-body toggle-content\"><a title=\"Hermann H\u00e4rtel\" href=\"http:\/\/www.hermannhaertel.eu\">www.hermannhaertel.eu<\/a><\/div><\/div><\/div>\n<\/div><\/div>\n<div class=\"fusion-clearfix\"><\/div><\/div><\/div><div class=\"fusion-clearfix\"><\/div>\n<div class=\"fusion-sep-clear\"><\/div><div class=\"fusion-separator fusion-full-width-sep sep-dotted sep-single\" style=\"border-color:#e0dede;border-top-width:1px;margin-left: auto;margin-right: auto;margin-top:55px;margin-bottom:55px;\"><\/div>\n","protected":false},"excerpt":{"rendered":"<p>\u00dcber uns<\/p>\n","protected":false},"author":3,"featured_media":0,"parent":0,"menu_order":28,"comment_status":"open","ping_status":"closed","template":"","meta":{"_monsterinsights_skip_tracking":false,"_monsterinsights_sitenote_active":false,"_monsterinsights_sitenote_note":"","_monsterinsights_sitenote_category":0,"footnotes":""},"class_list":["post-3678","page","type-page","status-publish","hentry"],"yoast_head":"<!-- This site is optimized with the Yoast SEO plugin v27.3 - https:\/\/yoast.com\/product\/yoast-seo-wordpress\/ -->\n<title>\u00dcber uns | Tradmotion<\/title>\n<meta name=\"robots\" content=\"index, follow, max-snippet:-1, max-image-preview:large, max-video-preview:-1\" \/>\n<link rel=\"canonical\" href=\"https:\/\/www.tradmotion.at\/tradneu\/about-me\/\" \/>\n<meta property=\"og:locale\" content=\"de_DE\" \/>\n<meta property=\"og:type\" content=\"article\" \/>\n<meta property=\"og:title\" content=\"\u00dcber uns | Tradmotion\" \/>\n<meta property=\"og:description\" content=\"\u00dcber uns\" \/>\n<meta property=\"og:url\" content=\"https:\/\/www.tradmotion.at\/tradneu\/about-me\/\" \/>\n<meta property=\"og:site_name\" content=\"Tradmotion\" \/>\n<meta property=\"article:modified_time\" content=\"2024-05-17T19:16:14+00:00\" \/>\n<meta name=\"twitter:label1\" content=\"Gesch\u00e4tzte Lesezeit\" \/>\n\t<meta name=\"twitter:data1\" content=\"4\u00a0Minuten\" \/>\n<script type=\"application\/ld+json\" class=\"yoast-schema-graph\">{\"@context\":\"https:\\\/\\\/schema.org\",\"@graph\":[{\"@type\":\"WebPage\",\"@id\":\"https:\\\/\\\/www.tradmotion.at\\\/tradneu\\\/about-me\\\/\",\"url\":\"https:\\\/\\\/www.tradmotion.at\\\/tradneu\\\/about-me\\\/\",\"name\":\"\u00dcber uns | Tradmotion\",\"isPartOf\":{\"@id\":\"https:\\\/\\\/www.tradmotion.at\\\/tradneu\\\/#website\"},\"datePublished\":\"2013-11-11T18:01:55+00:00\",\"dateModified\":\"2024-05-17T19:16:14+00:00\",\"breadcrumb\":{\"@id\":\"https:\\\/\\\/www.tradmotion.at\\\/tradneu\\\/about-me\\\/#breadcrumb\"},\"inLanguage\":\"de\",\"potentialAction\":[{\"@type\":\"ReadAction\",\"target\":[\"https:\\\/\\\/www.tradmotion.at\\\/tradneu\\\/about-me\\\/\"]}]},{\"@type\":\"BreadcrumbList\",\"@id\":\"https:\\\/\\\/www.tradmotion.at\\\/tradneu\\\/about-me\\\/#breadcrumb\",\"itemListElement\":[{\"@type\":\"ListItem\",\"position\":1,\"name\":\"Home\",\"item\":\"https:\\\/\\\/www.tradmotion.at\\\/tradneu\\\/\"},{\"@type\":\"ListItem\",\"position\":2,\"name\":\"\u00dcber uns\"}]},{\"@type\":\"WebSite\",\"@id\":\"https:\\\/\\\/www.tradmotion.at\\\/tradneu\\\/#website\",\"url\":\"https:\\\/\\\/www.tradmotion.at\\\/tradneu\\\/\",\"name\":\"Tradmotion\",\"description\":\"Tradition &amp; Emotion\",\"publisher\":{\"@id\":\"https:\\\/\\\/www.tradmotion.at\\\/tradneu\\\/#organization\"},\"potentialAction\":[{\"@type\":\"SearchAction\",\"target\":{\"@type\":\"EntryPoint\",\"urlTemplate\":\"https:\\\/\\\/www.tradmotion.at\\\/tradneu\\\/?s={search_term_string}\"},\"query-input\":{\"@type\":\"PropertyValueSpecification\",\"valueRequired\":true,\"valueName\":\"search_term_string\"}}],\"inLanguage\":\"de\"},{\"@type\":\"Organization\",\"@id\":\"https:\\\/\\\/www.tradmotion.at\\\/tradneu\\\/#organization\",\"name\":\"Tradmotion\",\"url\":\"https:\\\/\\\/www.tradmotion.at\\\/tradneu\\\/\",\"logo\":{\"@type\":\"ImageObject\",\"inLanguage\":\"de\",\"@id\":\"https:\\\/\\\/www.tradmotion.at\\\/tradneu\\\/#\\\/schema\\\/logo\\\/image\\\/\",\"url\":\"http:\\\/\\\/www.tradmotion.at\\\/tradneu\\\/wp-content\\\/uploads\\\/cropped-Logo_Tradmotion_red.png\",\"contentUrl\":\"http:\\\/\\\/www.tradmotion.at\\\/tradneu\\\/wp-content\\\/uploads\\\/cropped-Logo_Tradmotion_red.png\",\"width\":512,\"height\":512,\"caption\":\"Tradmotion\"},\"image\":{\"@id\":\"https:\\\/\\\/www.tradmotion.at\\\/tradneu\\\/#\\\/schema\\\/logo\\\/image\\\/\"}}]}<\/script>\n<!-- \/ Yoast SEO plugin. -->","yoast_head_json":{"title":"\u00dcber uns | Tradmotion","robots":{"index":"index","follow":"follow","max-snippet":"max-snippet:-1","max-image-preview":"max-image-preview:large","max-video-preview":"max-video-preview:-1"},"canonical":"https:\/\/www.tradmotion.at\/tradneu\/about-me\/","og_locale":"de_DE","og_type":"article","og_title":"\u00dcber uns | Tradmotion","og_description":"\u00dcber uns","og_url":"https:\/\/www.tradmotion.at\/tradneu\/about-me\/","og_site_name":"Tradmotion","article_modified_time":"2024-05-17T19:16:14+00:00","twitter_misc":{"Gesch\u00e4tzte Lesezeit":"4\u00a0Minuten"},"schema":{"@context":"https:\/\/schema.org","@graph":[{"@type":"WebPage","@id":"https:\/\/www.tradmotion.at\/tradneu\/about-me\/","url":"https:\/\/www.tradmotion.at\/tradneu\/about-me\/","name":"\u00dcber uns | Tradmotion","isPartOf":{"@id":"https:\/\/www.tradmotion.at\/tradneu\/#website"},"datePublished":"2013-11-11T18:01:55+00:00","dateModified":"2024-05-17T19:16:14+00:00","breadcrumb":{"@id":"https:\/\/www.tradmotion.at\/tradneu\/about-me\/#breadcrumb"},"inLanguage":"de","potentialAction":[{"@type":"ReadAction","target":["https:\/\/www.tradmotion.at\/tradneu\/about-me\/"]}]},{"@type":"BreadcrumbList","@id":"https:\/\/www.tradmotion.at\/tradneu\/about-me\/#breadcrumb","itemListElement":[{"@type":"ListItem","position":1,"name":"Home","item":"https:\/\/www.tradmotion.at\/tradneu\/"},{"@type":"ListItem","position":2,"name":"\u00dcber uns"}]},{"@type":"WebSite","@id":"https:\/\/www.tradmotion.at\/tradneu\/#website","url":"https:\/\/www.tradmotion.at\/tradneu\/","name":"Tradmotion","description":"Tradition &amp; Emotion","publisher":{"@id":"https:\/\/www.tradmotion.at\/tradneu\/#organization"},"potentialAction":[{"@type":"SearchAction","target":{"@type":"EntryPoint","urlTemplate":"https:\/\/www.tradmotion.at\/tradneu\/?s={search_term_string}"},"query-input":{"@type":"PropertyValueSpecification","valueRequired":true,"valueName":"search_term_string"}}],"inLanguage":"de"},{"@type":"Organization","@id":"https:\/\/www.tradmotion.at\/tradneu\/#organization","name":"Tradmotion","url":"https:\/\/www.tradmotion.at\/tradneu\/","logo":{"@type":"ImageObject","inLanguage":"de","@id":"https:\/\/www.tradmotion.at\/tradneu\/#\/schema\/logo\/image\/","url":"http:\/\/www.tradmotion.at\/tradneu\/wp-content\/uploads\/cropped-Logo_Tradmotion_red.png","contentUrl":"http:\/\/www.tradmotion.at\/tradneu\/wp-content\/uploads\/cropped-Logo_Tradmotion_red.png","width":512,"height":512,"caption":"Tradmotion"},"image":{"@id":"https:\/\/www.tradmotion.at\/tradneu\/#\/schema\/logo\/image\/"}}]}},"_links":{"self":[{"href":"https:\/\/www.tradmotion.at\/tradneu\/wp-json\/wp\/v2\/pages\/3678","targetHints":{"allow":["GET"]}}],"collection":[{"href":"https:\/\/www.tradmotion.at\/tradneu\/wp-json\/wp\/v2\/pages"}],"about":[{"href":"https:\/\/www.tradmotion.at\/tradneu\/wp-json\/wp\/v2\/types\/page"}],"author":[{"embeddable":true,"href":"https:\/\/www.tradmotion.at\/tradneu\/wp-json\/wp\/v2\/users\/3"}],"replies":[{"embeddable":true,"href":"https:\/\/www.tradmotion.at\/tradneu\/wp-json\/wp\/v2\/comments?post=3678"}],"version-history":[{"count":44,"href":"https:\/\/www.tradmotion.at\/tradneu\/wp-json\/wp\/v2\/pages\/3678\/revisions"}],"predecessor-version":[{"id":8274,"href":"https:\/\/www.tradmotion.at\/tradneu\/wp-json\/wp\/v2\/pages\/3678\/revisions\/8274"}],"wp:attachment":[{"href":"https:\/\/www.tradmotion.at\/tradneu\/wp-json\/wp\/v2\/media?parent=3678"}],"curies":[{"name":"wp","href":"https:\/\/api.w.org\/{rel}","templated":true}]}}